{"id":3823,"date":"2021-11-11T15:59:02","date_gmt":"2021-11-11T15:59:02","guid":{"rendered":"https:\/\/www.demewa.com\/akcesoria\/"},"modified":"2023-05-22T21:48:10","modified_gmt":"2023-05-22T21:48:10","slug":"akcesoria","status":"publish","type":"page","link":"https:\/\/www.demewa.com\/pl\/akcesoria\/","title":{"rendered":"Akcesoria"},"content":{"rendered":"\t\t<div data-elementor-type=\"wp-page\" data-elementor-id=\"3823\" class=\"elementor elementor-3823 elementor-80\" data-elementor-post-type=\"page\">\n\t\t\t\t\t\t<section class=\"elementor-section elementor-top-section elementor-element elementor-element-beb18d0 elementor-section-full_width elementor-section-height-default elementor-section-height-default\" data-id=\"beb18d0\" data-element_type=\"section\" data-e-type=\"section\" data-settings=\"{&quot;background_background&quot;:&quot;classic&quot;}\">\n\t\t\t\t\t\t<div class=\"elementor-container elementor-column-gap-no\">\n\t\t\t\t\t<div class=\"elementor-column elementor-col-100 elementor-top-column elementor-element elementor-element-6bdf8da\" data-id=\"6bdf8da\" data-element_type=\"column\" data-e-type=\"column\">\n\t\t\t<div class=\"elementor-widget-wrap elementor-element-populated\">\n\t\t\t\t\t\t<div class=\"elementor-element elementor-element-48a2ed6 elementor-widget elementor-widget-heading\" data-id=\"48a2ed6\" data-element_type=\"widget\" data-e-type=\"widget\" data-widget_type=\"heading.default\">\n\t\t\t\t<div class=\"elementor-widget-container\">\n\t\t\t\t\t<h2 class=\"elementor-heading-title elementor-size-default\">Akcesoria<\/h2>\t\t\t\t<\/div>\n\t\t\t\t<\/div>\n\t\t\t\t\t<\/div>\n\t\t<\/div>\n\t\t\t\t\t<\/div>\n\t\t<\/section>\n\t\t\t\t<section class=\"elementor-section elementor-top-section elementor-element elementor-element-9ec64c2 elementor-section-boxed elementor-section-height-default elementor-section-height-default\" data-id=\"9ec64c2\" data-element_type=\"section\" data-e-type=\"section\" data-settings=\"{&quot;background_background&quot;:&quot;classic&quot;}\">\n\t\t\t\t\t\t<div class=\"elementor-container elementor-column-gap-default\">\n\t\t\t\t\t<div class=\"elementor-column elementor-col-100 elementor-top-column elementor-element elementor-element-8714239\" data-id=\"8714239\" data-element_type=\"column\" data-e-type=\"column\">\n\t\t\t<div class=\"elementor-widget-wrap elementor-element-populated\">\n\t\t\t\t\t\t<div class=\"elementor-element elementor-element-6ab266e elementor-widget elementor-widget-woolentor-universal-product\" data-id=\"6ab266e\" data-element_type=\"widget\" data-e-type=\"widget\" data-widget_type=\"woolentor-universal-product.default\">\n\t\t\t\t<div class=\"elementor-widget-container\">\n\t\t\t\t\t            \n                                                <div class=\" ht-products woocommerce ht-row\" dir=\"ltr\" data-settings=''  >\n\n                        \n                            <!--Product Start-->\n                            <div class=\"ht-product ht-col-lg-4 ht-col-md-6 ht-col-sm-6 ht-col-xs-12 mb-30 product ht-product-countdown-fill\">\n                                <div class=\"ht-product-inner\">\n\n                                    <div class=\"ht-product-image-wrap\">\n                                                                                <div class=\"ht-product-image\">\n                                                                                            <div class=\"ht-product-image-slider ht-product-image-thumbnaisl-6ab266e\" data-slick='{\"rtl\":false }'>\n                                                    <a href=\"https:\/\/www.demewa.com\/pl\/shop\/probka-koloru-do-wyboru\/\" class=\"item ht-slider-first-item \"><img fetchpriority=\"high\" decoding=\"async\" width=\"300\" height=\"300\" src=\"https:\/\/www.demewa.com\/wp-content\/uploads\/2022\/02\/probe_4-300x300.jpg\" class=\"attachment-woocommerce_thumbnail size-woocommerce_thumbnail\" alt=\"korek, sk\u00f3ra korkowa, tkanina korkowa, wega\u0144skie, trwa\u0142e, nietoksyczne, antyalergiczne\" srcset=\"https:\/\/www.demewa.com\/wp-content\/uploads\/2022\/02\/probe_4-300x300.jpg 300w, https:\/\/www.demewa.com\/wp-content\/uploads\/2022\/02\/probe_4-150x150.jpg 150w, https:\/\/www.demewa.com\/wp-content\/uploads\/2022\/02\/probe_4-768x768.jpg 768w, https:\/\/www.demewa.com\/wp-content\/uploads\/2022\/02\/probe_4-600x600.jpg 600w, https:\/\/www.demewa.com\/wp-content\/uploads\/2022\/02\/probe_4-100x100.jpg 100w, https:\/\/www.demewa.com\/wp-content\/uploads\/2022\/02\/probe_4.jpg 1000w\" sizes=\"(max-width: 300px) 100vw, 300px\" \/><\/a>                                                <\/div>\n\n                                            \n                                        <\/div>\n\n                                        \n                                        \n                                    <\/div>\n\n                                    <div class=\"ht-product-content\">\n                                        <div class=\"ht-product-content-inner\">\n                                            <div class=\"ht-product-categories\"><a href=\"https:\/\/www.demewa.com\/pl\/product-categorie\/akcesoria\/\">Akcesoria<\/a><\/div>\n                                                                                        <h4 class='ht-product-title'><a href='https:\/\/www.demewa.com\/pl\/shop\/probka-koloru-do-wyboru\/'>Pr\u00f3bka materia\u0142u w wybranym kolorze<\/a><\/h4>                                                                                                                                    <div class=\"ht-product-price\">\n\t<span class=\"price\"><span class=\"woocommerce-Price-amount amount\"><bdi>9,00&nbsp;<span class=\"woocommerce-Price-currencySymbol\">&#122;&#322;<\/span><\/bdi><\/span><\/span>\n<\/div>\n                                                                                        <div class=\"ht-product-ratting-wrap\"><\/div>\n\n                                                                                    <\/div>\n                                                                            <\/div>\n\n                                <\/div>\n                            <\/div>\n                            <!--Product End-->\n\n                        \n                            <!--Product Start-->\n                            <div class=\"ht-product ht-col-lg-4 ht-col-md-6 ht-col-sm-6 ht-col-xs-12 mb-30 product ht-product-countdown-fill\">\n                                <div class=\"ht-product-inner\">\n\n                                    <div class=\"ht-product-image-wrap\">\n                                                                                <div class=\"ht-product-image\">\n                                                                                            <div class=\"ht-product-image-slider ht-product-image-thumbnaisl-6ab266e\" data-slick='{\"rtl\":false }'>\n                                                    <a href=\"https:\/\/www.demewa.com\/pl\/shop\/probka-koloru-mala\/\" class=\"item ht-slider-first-item \"><img decoding=\"async\" width=\"300\" height=\"300\" src=\"https:\/\/www.demewa.com\/wp-content\/uploads\/2022\/04\/probe_3-300x300.jpg\" class=\"attachment-woocommerce_thumbnail size-woocommerce_thumbnail\" alt=\"sk\u00f3ra korkowa, korek, pr\u00f3bki kolor\u00f3w, pr\u00f3bki\" srcset=\"https:\/\/www.demewa.com\/wp-content\/uploads\/2022\/04\/probe_3-300x300.jpg 300w, https:\/\/www.demewa.com\/wp-content\/uploads\/2022\/04\/probe_3-150x150.jpg 150w, https:\/\/www.demewa.com\/wp-content\/uploads\/2022\/04\/probe_3-768x768.jpg 768w, https:\/\/www.demewa.com\/wp-content\/uploads\/2022\/04\/probe_3-600x600.jpg 600w, https:\/\/www.demewa.com\/wp-content\/uploads\/2022\/04\/probe_3-100x100.jpg 100w, https:\/\/www.demewa.com\/wp-content\/uploads\/2022\/04\/probe_3.jpg 1000w\" sizes=\"(max-width: 300px) 100vw, 300px\" \/><\/a>                                                <\/div>\n\n                                            \n                                        <\/div>\n\n                                        \n                                        \n                                    <\/div>\n\n                                    <div class=\"ht-product-content\">\n                                        <div class=\"ht-product-content-inner\">\n                                            <div class=\"ht-product-categories\"><a href=\"https:\/\/www.demewa.com\/pl\/product-categorie\/akcesoria\/\">Akcesoria<\/a><\/div>\n                                                                                        <h4 class='ht-product-title'><a href='https:\/\/www.demewa.com\/pl\/shop\/probka-koloru-mala\/'>Zestaw pr\u00f3bek sk\u00f3ry korkowej<\/a><\/h4>                                                                                                                                    <div class=\"ht-product-price\">\n\t<span class=\"price\"><span class=\"woocommerce-Price-amount amount\"><bdi>46,00&nbsp;<span class=\"woocommerce-Price-currencySymbol\">&#122;&#322;<\/span><\/bdi><\/span><\/span>\n<\/div>\n                                                                                        <div class=\"ht-product-ratting-wrap\"><\/div>\n\n                                                                                    <\/div>\n                                                                            <\/div>\n\n                                <\/div>\n                            <\/div>\n                            <!--Product End-->\n\n                        \n                            <!--Product Start-->\n                            <div class=\"ht-product ht-col-lg-4 ht-col-md-6 ht-col-sm-6 ht-col-xs-12 mb-30 product ht-product-countdown-fill\">\n                                <div class=\"ht-product-inner\">\n\n                                    <div class=\"ht-product-image-wrap\">\n                                                                                <div class=\"ht-product-image\">\n                                                                                            <div class=\"ht-product-image-slider ht-product-image-thumbnaisl-6ab266e\" data-slick='{\"rtl\":false }'>\n                                                    <a href=\"https:\/\/www.demewa.com\/pl\/shop\/podkladka-pod-mysz\/\" class=\"item ht-slider-first-item \"><img decoding=\"async\" width=\"300\" height=\"300\" src=\"https:\/\/www.demewa.com\/wp-content\/uploads\/2022\/02\/Mauspad_natur_2-300x300.jpg\" class=\"attachment-woocommerce_thumbnail size-woocommerce_thumbnail\" alt=\"Podk\u0142adka pod mysz, espresso, naturalna, korek, sk\u00f3ra korkowa, tkanina korkowa, wega\u0144ska, zr\u00f3wnowa\u017cona, nietoksyczna, antyalergiczna\" srcset=\"https:\/\/www.demewa.com\/wp-content\/uploads\/2022\/02\/Mauspad_natur_2-300x300.jpg 300w, https:\/\/www.demewa.com\/wp-content\/uploads\/2022\/02\/Mauspad_natur_2-150x150.jpg 150w, https:\/\/www.demewa.com\/wp-content\/uploads\/2022\/02\/Mauspad_natur_2-768x768.jpg 768w, https:\/\/www.demewa.com\/wp-content\/uploads\/2022\/02\/Mauspad_natur_2-600x600.jpg 600w, https:\/\/www.demewa.com\/wp-content\/uploads\/2022\/02\/Mauspad_natur_2-100x100.jpg 100w, https:\/\/www.demewa.com\/wp-content\/uploads\/2022\/02\/Mauspad_natur_2.jpg 1000w\" sizes=\"(max-width: 300px) 100vw, 300px\" \/><\/a><a href=\"https:\/\/www.demewa.com\/pl\/shop\/podkladka-pod-mysz\/\" class=\"item  \"><img loading=\"lazy\" decoding=\"async\" width=\"300\" height=\"300\" src=\"https:\/\/www.demewa.com\/wp-content\/uploads\/2022\/02\/Mauspad_MNblau_2-300x300.jpg\" class=\"attachment-woocommerce_thumbnail size-woocommerce_thumbnail\" alt=\"Podk\u0142adka pod mysz, niebieska, granatowa, korek, sk\u00f3ra korkowa, tkanina korkowa, wega\u0144ska, zr\u00f3wnowa\u017cona, nietoksyczna, antyalergiczna\" srcset=\"https:\/\/www.demewa.com\/wp-content\/uploads\/2022\/02\/Mauspad_MNblau_2-300x300.jpg 300w, https:\/\/www.demewa.com\/wp-content\/uploads\/2022\/02\/Mauspad_MNblau_2-150x150.jpg 150w, https:\/\/www.demewa.com\/wp-content\/uploads\/2022\/02\/Mauspad_MNblau_2-768x768.jpg 768w, https:\/\/www.demewa.com\/wp-content\/uploads\/2022\/02\/Mauspad_MNblau_2-600x600.jpg 600w, https:\/\/www.demewa.com\/wp-content\/uploads\/2022\/02\/Mauspad_MNblau_2-100x100.jpg 100w, https:\/\/www.demewa.com\/wp-content\/uploads\/2022\/02\/Mauspad_MNblau_2.jpg 1000w\" sizes=\"(max-width: 300px) 100vw, 300px\" \/><\/a><a href=\"https:\/\/www.demewa.com\/pl\/shop\/podkladka-pod-mysz\/\" class=\"item  \"><img loading=\"lazy\" decoding=\"async\" width=\"300\" height=\"300\" src=\"https:\/\/www.demewa.com\/wp-content\/uploads\/2022\/02\/mauspad_kirschrot_11--300x300.jpg\" class=\"attachment-woocommerce_thumbnail size-woocommerce_thumbnail\" alt=\"podk\u0142adka pod mysz, wi\u015bniowa, korek, sk\u00f3ra korkowa, tkanina korkowa, wega\u0144ska, trwa\u0142a, nietoksyczna, antyalergiczna\" srcset=\"https:\/\/www.demewa.com\/wp-content\/uploads\/2022\/02\/mauspad_kirschrot_11--300x300.jpg 300w, https:\/\/www.demewa.com\/wp-content\/uploads\/2022\/02\/mauspad_kirschrot_11--150x150.jpg 150w, https:\/\/www.demewa.com\/wp-content\/uploads\/2022\/02\/mauspad_kirschrot_11--768x768.jpg 768w, https:\/\/www.demewa.com\/wp-content\/uploads\/2022\/02\/mauspad_kirschrot_11--600x600.jpg 600w, https:\/\/www.demewa.com\/wp-content\/uploads\/2022\/02\/mauspad_kirschrot_11--100x100.jpg 100w, https:\/\/www.demewa.com\/wp-content\/uploads\/2022\/02\/mauspad_kirschrot_11-.jpg 1000w\" sizes=\"(max-width: 300px) 100vw, 300px\" \/><\/a><a href=\"https:\/\/www.demewa.com\/pl\/shop\/podkladka-pod-mysz\/\" class=\"item  \"><img loading=\"lazy\" decoding=\"async\" width=\"300\" height=\"300\" src=\"https:\/\/www.demewa.com\/wp-content\/uploads\/2022\/02\/mauspad_olivgruen_2-300x300.jpg\" class=\"attachment-woocommerce_thumbnail size-woocommerce_thumbnail\" alt=\"Podk\u0142adka pod mysz, oliwkowa, korek, sk\u00f3ra korkowa, tkanina korkowa, wega\u0144ska, zr\u00f3wnowa\u017cona, nietoksyczna, antyalergiczna\" srcset=\"https:\/\/www.demewa.com\/wp-content\/uploads\/2022\/02\/mauspad_olivgruen_2-300x300.jpg 300w, https:\/\/www.demewa.com\/wp-content\/uploads\/2022\/02\/mauspad_olivgruen_2-150x150.jpg 150w, https:\/\/www.demewa.com\/wp-content\/uploads\/2022\/02\/mauspad_olivgruen_2-768x768.jpg 768w, https:\/\/www.demewa.com\/wp-content\/uploads\/2022\/02\/mauspad_olivgruen_2-600x600.jpg 600w, https:\/\/www.demewa.com\/wp-content\/uploads\/2022\/02\/mauspad_olivgruen_2-100x100.jpg 100w, https:\/\/www.demewa.com\/wp-content\/uploads\/2022\/02\/mauspad_olivgruen_2.jpg 1000w\" sizes=\"(max-width: 300px) 100vw, 300px\" \/><\/a>                                                <\/div>\n\n                                            \n                                        <\/div>\n\n                                        \n                                        \n                                    <\/div>\n\n                                    <div class=\"ht-product-content\">\n                                        <div class=\"ht-product-content-inner\">\n                                            <div class=\"ht-product-categories\"><a href=\"https:\/\/www.demewa.com\/pl\/product-categorie\/akcesoria\/\">Akcesoria<\/a><\/div>\n                                                                                        <h4 class='ht-product-title'><a href='https:\/\/www.demewa.com\/pl\/shop\/podkladka-pod-mysz\/'>Podk\u0142adka pod mysz ze sk\u00f3ry korkowej<\/a><\/h4>                                                                                                                                    <div class=\"ht-product-price\">\n\t<span class=\"price\"><span class=\"woocommerce-Price-amount amount\"><bdi>83,00&nbsp;<span class=\"woocommerce-Price-currencySymbol\">&#122;&#322;<\/span><\/bdi><\/span><\/span>\n<\/div>\n                                                                                        <div class=\"ht-product-ratting-wrap\"><\/div>\n\n                                                                                    <\/div>\n                                                                            <\/div>\n\n                                <\/div>\n                            <\/div>\n                            <!--Product End-->\n\n                        \n                            <!--Product Start-->\n                            <div class=\"ht-product ht-col-lg-4 ht-col-md-6 ht-col-sm-6 ht-col-xs-12 mb-30 product ht-product-countdown-fill\">\n                                <div class=\"ht-product-inner\">\n\n                                    <div class=\"ht-product-image-wrap\">\n                                                                                <div class=\"ht-product-image\">\n                                                                                            <div class=\"ht-product-image-slider ht-product-image-thumbnaisl-6ab266e\" data-slick='{\"rtl\":false }'>\n                                                    <a href=\"https:\/\/www.demewa.com\/pl\/shop\/mata-stolowa\/\" class=\"item ht-slider-first-item \"><img loading=\"lazy\" decoding=\"async\" width=\"300\" height=\"300\" src=\"https:\/\/www.demewa.com\/wp-content\/uploads\/2022\/07\/tischset_galerie_5-300x300.jpg\" class=\"attachment-woocommerce_thumbnail size-woocommerce_thumbnail\" alt=\"Sza\u0142wiowo zielone maty sto\u0142owe dodaj\u0105 koloru do jadalni, r\u0119cznie wykonane produkty z lokalnej manufaktury.\" srcset=\"https:\/\/www.demewa.com\/wp-content\/uploads\/2022\/07\/tischset_galerie_5-300x300.jpg 300w, https:\/\/www.demewa.com\/wp-content\/uploads\/2022\/07\/tischset_galerie_5-150x150.jpg 150w, https:\/\/www.demewa.com\/wp-content\/uploads\/2022\/07\/tischset_galerie_5-768x768.jpg 768w, https:\/\/www.demewa.com\/wp-content\/uploads\/2022\/07\/tischset_galerie_5-600x600.jpg 600w, https:\/\/www.demewa.com\/wp-content\/uploads\/2022\/07\/tischset_galerie_5-100x100.jpg 100w, https:\/\/www.demewa.com\/wp-content\/uploads\/2022\/07\/tischset_galerie_5.jpg 1000w\" sizes=\"(max-width: 300px) 100vw, 300px\" \/><\/a><a href=\"https:\/\/www.demewa.com\/pl\/shop\/mata-stolowa\/\" class=\"item  \"><img loading=\"lazy\" decoding=\"async\" width=\"300\" height=\"300\" src=\"https:\/\/www.demewa.com\/wp-content\/uploads\/2022\/01\/tischset_5-300x300.jpg\" class=\"attachment-woocommerce_thumbnail size-woocommerce_thumbnail\" alt=\"Porcelana na podk\u0142adce, delikatna czekolada, wysokiej jako\u015bci ekologiczna podk\u0142adka sto\u0142owa z korka\" srcset=\"https:\/\/www.demewa.com\/wp-content\/uploads\/2022\/01\/tischset_5-300x300.jpg 300w, https:\/\/www.demewa.com\/wp-content\/uploads\/2022\/01\/tischset_5-150x150.jpg 150w, https:\/\/www.demewa.com\/wp-content\/uploads\/2022\/01\/tischset_5-768x768.jpg 768w, https:\/\/www.demewa.com\/wp-content\/uploads\/2022\/01\/tischset_5-600x600.jpg 600w, https:\/\/www.demewa.com\/wp-content\/uploads\/2022\/01\/tischset_5-100x100.jpg 100w, https:\/\/www.demewa.com\/wp-content\/uploads\/2022\/01\/tischset_5.jpg 1000w\" sizes=\"(max-width: 300px) 100vw, 300px\" \/><\/a><a href=\"https:\/\/www.demewa.com\/pl\/shop\/mata-stolowa\/\" class=\"item  \"><img loading=\"lazy\" decoding=\"async\" width=\"300\" height=\"300\" src=\"https:\/\/www.demewa.com\/wp-content\/uploads\/2022\/07\/tischset_galerie_6-300x300.jpg\" class=\"attachment-woocommerce_thumbnail size-woocommerce_thumbnail\" alt=\"St\u00f3\u0142 zastawiony produktami DeMewa, dzi\u0119ki produktom zmywalnym mo\u017cna beztrosko zje\u015b\u0107 \u015bniadanie.\" srcset=\"https:\/\/www.demewa.com\/wp-content\/uploads\/2022\/07\/tischset_galerie_6-300x300.jpg 300w, https:\/\/www.demewa.com\/wp-content\/uploads\/2022\/07\/tischset_galerie_6-150x150.jpg 150w, https:\/\/www.demewa.com\/wp-content\/uploads\/2022\/07\/tischset_galerie_6-768x768.jpg 768w, https:\/\/www.demewa.com\/wp-content\/uploads\/2022\/07\/tischset_galerie_6-600x600.jpg 600w, https:\/\/www.demewa.com\/wp-content\/uploads\/2022\/07\/tischset_galerie_6-100x100.jpg 100w, https:\/\/www.demewa.com\/wp-content\/uploads\/2022\/07\/tischset_galerie_6.jpg 1000w\" sizes=\"(max-width: 300px) 100vw, 300px\" \/><\/a><a href=\"https:\/\/www.demewa.com\/pl\/shop\/mata-stolowa\/\" class=\"item  \"><img loading=\"lazy\" decoding=\"async\" width=\"300\" height=\"300\" src=\"https:\/\/www.demewa.com\/wp-content\/uploads\/2022\/07\/tischset_galerie_2-300x300.jpg\" class=\"attachment-woocommerce_thumbnail size-woocommerce_thumbnail\" alt=\"Kolorowe kwiaty z ogrodu i kolorowe maty sto\u0142owe z korkowej sk\u00f3ry pozwalaj\u0105 uzyska\u0107 kolorowy st\u00f3\u0142 jadalny\" srcset=\"https:\/\/www.demewa.com\/wp-content\/uploads\/2022\/07\/tischset_galerie_2-300x300.jpg 300w, https:\/\/www.demewa.com\/wp-content\/uploads\/2022\/07\/tischset_galerie_2-150x150.jpg 150w, https:\/\/www.demewa.com\/wp-content\/uploads\/2022\/07\/tischset_galerie_2-768x768.jpg 768w, https:\/\/www.demewa.com\/wp-content\/uploads\/2022\/07\/tischset_galerie_2-600x600.jpg 600w, https:\/\/www.demewa.com\/wp-content\/uploads\/2022\/07\/tischset_galerie_2-100x100.jpg 100w, https:\/\/www.demewa.com\/wp-content\/uploads\/2022\/07\/tischset_galerie_2.jpg 1000w\" sizes=\"(max-width: 300px) 100vw, 300px\" \/><\/a><a href=\"https:\/\/www.demewa.com\/pl\/shop\/mata-stolowa\/\" class=\"item  \"><img loading=\"lazy\" decoding=\"async\" width=\"300\" height=\"300\" src=\"https:\/\/www.demewa.com\/wp-content\/uploads\/2022\/07\/tischset_galerie_1-300x300.jpg\" class=\"attachment-woocommerce_thumbnail size-woocommerce_thumbnail\" alt=\"Po\u0142\u0105czenie sk\u00f3rzanych podk\u0142adek na st\u00f3\u0142 i podk\u0142adek na talerze z korka udekoruje Twoj\u0105 jadalni\u0119 w zr\u00f3wnowa\u017cony i unikalny spos\u00f3b.\" srcset=\"https:\/\/www.demewa.com\/wp-content\/uploads\/2022\/07\/tischset_galerie_1-300x300.jpg 300w, https:\/\/www.demewa.com\/wp-content\/uploads\/2022\/07\/tischset_galerie_1-150x150.jpg 150w, https:\/\/www.demewa.com\/wp-content\/uploads\/2022\/07\/tischset_galerie_1-768x768.jpg 768w, https:\/\/www.demewa.com\/wp-content\/uploads\/2022\/07\/tischset_galerie_1-600x600.jpg 600w, https:\/\/www.demewa.com\/wp-content\/uploads\/2022\/07\/tischset_galerie_1-100x100.jpg 100w, https:\/\/www.demewa.com\/wp-content\/uploads\/2022\/07\/tischset_galerie_1.jpg 1000w\" sizes=\"(max-width: 300px) 100vw, 300px\" \/><\/a><a href=\"https:\/\/www.demewa.com\/pl\/shop\/mata-stolowa\/\" class=\"item  \"><img loading=\"lazy\" decoding=\"async\" width=\"300\" height=\"300\" src=\"https:\/\/www.demewa.com\/wp-content\/uploads\/2022\/07\/tischset_galerie_8-300x300.jpg\" class=\"attachment-woocommerce_thumbnail size-woocommerce_thumbnail\" alt=\"St\u00f3\u0142 zastawiony podk\u0142adkami i bie\u017cnikami, Zastosowanie r\u00f3\u017cnych kolor\u00f3w tworzy kontrasty w Twojej jadalni.\" srcset=\"https:\/\/www.demewa.com\/wp-content\/uploads\/2022\/07\/tischset_galerie_8-300x300.jpg 300w, https:\/\/www.demewa.com\/wp-content\/uploads\/2022\/07\/tischset_galerie_8-150x150.jpg 150w, https:\/\/www.demewa.com\/wp-content\/uploads\/2022\/07\/tischset_galerie_8-768x768.jpg 768w, https:\/\/www.demewa.com\/wp-content\/uploads\/2022\/07\/tischset_galerie_8-600x600.jpg 600w, https:\/\/www.demewa.com\/wp-content\/uploads\/2022\/07\/tischset_galerie_8-100x100.jpg 100w, https:\/\/www.demewa.com\/wp-content\/uploads\/2022\/07\/tischset_galerie_8.jpg 1000w\" sizes=\"(max-width: 300px) 100vw, 300px\" \/><\/a><a href=\"https:\/\/www.demewa.com\/pl\/shop\/mata-stolowa\/\" class=\"item  \"><img loading=\"lazy\" decoding=\"async\" width=\"300\" height=\"300\" src=\"https:\/\/www.demewa.com\/wp-content\/uploads\/2022\/01\/tischset_2-300x300.jpg\" class=\"attachment-woocommerce_thumbnail size-woocommerce_thumbnail\" alt=\"st\u00f3\u0142 z naturalnymi podk\u0142adkami, podk\u0142adki sto\u0142owe z ekologicznej sk\u00f3ry korkowej\" srcset=\"https:\/\/www.demewa.com\/wp-content\/uploads\/2022\/01\/tischset_2-300x300.jpg 300w, https:\/\/www.demewa.com\/wp-content\/uploads\/2022\/01\/tischset_2-150x150.jpg 150w, https:\/\/www.demewa.com\/wp-content\/uploads\/2022\/01\/tischset_2-768x768.jpg 768w, https:\/\/www.demewa.com\/wp-content\/uploads\/2022\/01\/tischset_2-600x600.jpg 600w, https:\/\/www.demewa.com\/wp-content\/uploads\/2022\/01\/tischset_2-100x100.jpg 100w, https:\/\/www.demewa.com\/wp-content\/uploads\/2022\/01\/tischset_2.jpg 1000w\" sizes=\"(max-width: 300px) 100vw, 300px\" \/><\/a>                                                <\/div>\n\n                                            \n                                        <\/div>\n\n                                        \n                                        \n                                    <\/div>\n\n                                    <div class=\"ht-product-content\">\n                                        <div class=\"ht-product-content-inner\">\n                                            <div class=\"ht-product-categories\"><a href=\"https:\/\/www.demewa.com\/pl\/product-categorie\/akcesoria\/\">Akcesoria<\/a><\/div>\n                                                                                        <h4 class='ht-product-title'><a href='https:\/\/www.demewa.com\/pl\/shop\/mata-stolowa\/'>Podk\u0142adka sto\u0142owa ze sk\u00f3ry korkowej<\/a><\/h4>                                                                                                                                    <div class=\"ht-product-price\">\n\t<span class=\"price\"><span class=\"woocommerce-Price-amount amount\"><bdi>111,00&nbsp;<span class=\"woocommerce-Price-currencySymbol\">&#122;&#322;<\/span><\/bdi><\/span><\/span>\n<\/div>\n                                                                                        <div class=\"ht-product-ratting-wrap\"><\/div>\n\n                                                                                    <\/div>\n                                                                            <\/div>\n\n                                <\/div>\n                            <\/div>\n                            <!--Product End-->\n\n                        \n                            <!--Product Start-->\n                            <div class=\"ht-product ht-col-lg-4 ht-col-md-6 ht-col-sm-6 ht-col-xs-12 mb-30 product ht-product-countdown-fill\">\n                                <div class=\"ht-product-inner\">\n\n                                    <div class=\"ht-product-image-wrap\">\n                                                                                <div class=\"ht-product-image\">\n                                                                                            <div class=\"ht-product-image-slider ht-product-image-thumbnaisl-6ab266e\" data-slick='{\"rtl\":false }'>\n                                                    <a href=\"https:\/\/www.demewa.com\/pl\/shop\/podkladka-na-biurko\/\" class=\"item ht-slider-first-item \"><img loading=\"lazy\" decoding=\"async\" width=\"300\" height=\"300\" src=\"https:\/\/www.demewa.com\/wp-content\/uploads\/2022\/04\/Schreibtisch_elfenbein_1-300x300.jpg\" class=\"attachment-woocommerce_thumbnail size-woocommerce_thumbnail\" alt=\"podk\u0142adka na biurko w kolorze ko\u015bci s\u0142oniowej, naturalna struktura, mata korkowa, wega\u0144ska sk\u00f3ra korkowa, antyalergiczna\" srcset=\"https:\/\/www.demewa.com\/wp-content\/uploads\/2022\/04\/Schreibtisch_elfenbein_1-300x300.jpg 300w, https:\/\/www.demewa.com\/wp-content\/uploads\/2022\/04\/Schreibtisch_elfenbein_1-150x150.jpg 150w, https:\/\/www.demewa.com\/wp-content\/uploads\/2022\/04\/Schreibtisch_elfenbein_1-768x768.jpg 768w, https:\/\/www.demewa.com\/wp-content\/uploads\/2022\/04\/Schreibtisch_elfenbein_1-600x600.jpg 600w, https:\/\/www.demewa.com\/wp-content\/uploads\/2022\/04\/Schreibtisch_elfenbein_1-100x100.jpg 100w, https:\/\/www.demewa.com\/wp-content\/uploads\/2022\/04\/Schreibtisch_elfenbein_1.jpg 1000w\" sizes=\"(max-width: 300px) 100vw, 300px\" \/><\/a>                                                <\/div>\n\n                                            \n                                        <\/div>\n\n                                        \n                                        \n                                    <\/div>\n\n                                    <div class=\"ht-product-content\">\n                                        <div class=\"ht-product-content-inner\">\n                                            <div class=\"ht-product-categories\"><a href=\"https:\/\/www.demewa.com\/pl\/product-categorie\/akcesoria\/\">Akcesoria<\/a><\/div>\n                                                                                        <h4 class='ht-product-title'><a href='https:\/\/www.demewa.com\/pl\/shop\/podkladka-na-biurko\/'>Podk\u0142adka na biurko wykonana ze sk\u00f3ry korkowej<\/a><\/h4>                                                                                                                                    <div class=\"ht-product-price\">\n\t<span class=\"price\"><span class=\"woocommerce-Price-amount amount\"><bdi>251,00&nbsp;<span class=\"woocommerce-Price-currencySymbol\">&#122;&#322;<\/span><\/bdi><\/span><\/span>\n<\/div>\n                                                                                        <div class=\"ht-product-ratting-wrap\"><\/div>\n\n                                                                                    <\/div>\n                                                                            <\/div>\n\n                                <\/div>\n                            <\/div>\n                            <!--Product End-->\n\n                        \n                            <!--Product Start-->\n                            <div class=\"ht-product ht-col-lg-4 ht-col-md-6 ht-col-sm-6 ht-col-xs-12 mb-30 product ht-product-countdown-fill\">\n                                <div class=\"ht-product-inner\">\n\n                                    <div class=\"ht-product-image-wrap\">\n                                                                                <div class=\"ht-product-image\">\n                                                                                            <div class=\"ht-product-image-slider ht-product-image-thumbnaisl-6ab266e\" data-slick='{\"rtl\":false }'>\n                                                    <a href=\"https:\/\/www.demewa.com\/pl\/shop\/bieznik-skora-korkowa\/\" class=\"item ht-slider-first-item \"><img loading=\"lazy\" decoding=\"async\" width=\"300\" height=\"300\" src=\"https:\/\/www.demewa.com\/wp-content\/uploads\/2022\/07\/tischlaeufer_galerie_2-300x300.jpg\" class=\"attachment-woocommerce_thumbnail size-woocommerce_thumbnail\" alt=\"Br\u0105zowy bie\u017cnik na st\u00f3\u0142 do jadalni, dekoracja sto\u0142u z naturalnego materia\u0142u wega\u0144skiego, przyjemnej i zmywalnej sk\u00f3ry korkowej\" srcset=\"https:\/\/www.demewa.com\/wp-content\/uploads\/2022\/07\/tischlaeufer_galerie_2-300x300.jpg 300w, https:\/\/www.demewa.com\/wp-content\/uploads\/2022\/07\/tischlaeufer_galerie_2-150x150.jpg 150w, https:\/\/www.demewa.com\/wp-content\/uploads\/2022\/07\/tischlaeufer_galerie_2-768x768.jpg 768w, https:\/\/www.demewa.com\/wp-content\/uploads\/2022\/07\/tischlaeufer_galerie_2-600x600.jpg 600w, https:\/\/www.demewa.com\/wp-content\/uploads\/2022\/07\/tischlaeufer_galerie_2-100x100.jpg 100w, https:\/\/www.demewa.com\/wp-content\/uploads\/2022\/07\/tischlaeufer_galerie_2.jpg 1000w\" sizes=\"(max-width: 300px) 100vw, 300px\" \/><\/a><a href=\"https:\/\/www.demewa.com\/pl\/shop\/bieznik-skora-korkowa\/\" class=\"item  \"><img loading=\"lazy\" decoding=\"async\" width=\"300\" height=\"300\" src=\"https:\/\/www.demewa.com\/wp-content\/uploads\/2022\/07\/tischlaeufer_galerie_1-300x300.jpg\" class=\"attachment-woocommerce_thumbnail size-woocommerce_thumbnail\" alt=\"Bie\u017cnik na st\u00f3\u0142 br\u0105zowy kolor naturalny, wyr\u00f3b ze sk\u00f3ry korkowej jako dekoracja sto\u0142u do jadalni, szparagi na bie\u017cniku z korka\" srcset=\"https:\/\/www.demewa.com\/wp-content\/uploads\/2022\/07\/tischlaeufer_galerie_1-300x300.jpg 300w, https:\/\/www.demewa.com\/wp-content\/uploads\/2022\/07\/tischlaeufer_galerie_1-150x150.jpg 150w, https:\/\/www.demewa.com\/wp-content\/uploads\/2022\/07\/tischlaeufer_galerie_1-768x768.jpg 768w, https:\/\/www.demewa.com\/wp-content\/uploads\/2022\/07\/tischlaeufer_galerie_1-600x600.jpg 600w, https:\/\/www.demewa.com\/wp-content\/uploads\/2022\/07\/tischlaeufer_galerie_1-100x100.jpg 100w, https:\/\/www.demewa.com\/wp-content\/uploads\/2022\/07\/tischlaeufer_galerie_1.jpg 1000w\" sizes=\"(max-width: 300px) 100vw, 300px\" \/><\/a><a href=\"https:\/\/www.demewa.com\/pl\/shop\/bieznik-skora-korkowa\/\" class=\"item  \"><img loading=\"lazy\" decoding=\"async\" width=\"300\" height=\"300\" src=\"https:\/\/www.demewa.com\/wp-content\/uploads\/2022\/07\/tischset_galerie_1-300x300.jpg\" class=\"attachment-woocommerce_thumbnail size-woocommerce_thumbnail\" alt=\"Po\u0142\u0105czenie sk\u00f3rzanych podk\u0142adek na st\u00f3\u0142 i podk\u0142adek na talerze z korka udekoruje Twoj\u0105 jadalni\u0119 w zr\u00f3wnowa\u017cony i unikalny spos\u00f3b.\" srcset=\"https:\/\/www.demewa.com\/wp-content\/uploads\/2022\/07\/tischset_galerie_1-300x300.jpg 300w, https:\/\/www.demewa.com\/wp-content\/uploads\/2022\/07\/tischset_galerie_1-150x150.jpg 150w, https:\/\/www.demewa.com\/wp-content\/uploads\/2022\/07\/tischset_galerie_1-768x768.jpg 768w, https:\/\/www.demewa.com\/wp-content\/uploads\/2022\/07\/tischset_galerie_1-600x600.jpg 600w, https:\/\/www.demewa.com\/wp-content\/uploads\/2022\/07\/tischset_galerie_1-100x100.jpg 100w, https:\/\/www.demewa.com\/wp-content\/uploads\/2022\/07\/tischset_galerie_1.jpg 1000w\" sizes=\"(max-width: 300px) 100vw, 300px\" \/><\/a><a href=\"https:\/\/www.demewa.com\/pl\/shop\/bieznik-skora-korkowa\/\" class=\"item  \"><img loading=\"lazy\" decoding=\"async\" width=\"300\" height=\"300\" src=\"https:\/\/www.demewa.com\/wp-content\/uploads\/2022\/07\/tischset_galerie_4-300x300.jpg\" class=\"attachment-woocommerce_thumbnail size-woocommerce_thumbnail\" alt=\"Wsp\u00f3lne picie kawy na stole z akcesoriami ze sk\u00f3ry korkowej, bie\u017cnik sto\u0142owy w paski w naturalnego korka\" srcset=\"https:\/\/www.demewa.com\/wp-content\/uploads\/2022\/07\/tischset_galerie_4-300x300.jpg 300w, https:\/\/www.demewa.com\/wp-content\/uploads\/2022\/07\/tischset_galerie_4-150x150.jpg 150w, https:\/\/www.demewa.com\/wp-content\/uploads\/2022\/07\/tischset_galerie_4-768x768.jpg 768w, https:\/\/www.demewa.com\/wp-content\/uploads\/2022\/07\/tischset_galerie_4-600x600.jpg 600w, https:\/\/www.demewa.com\/wp-content\/uploads\/2022\/07\/tischset_galerie_4-100x100.jpg 100w, https:\/\/www.demewa.com\/wp-content\/uploads\/2022\/07\/tischset_galerie_4.jpg 1000w\" sizes=\"(max-width: 300px) 100vw, 300px\" \/><\/a><a href=\"https:\/\/www.demewa.com\/pl\/shop\/bieznik-skora-korkowa\/\" class=\"item  \"><img loading=\"lazy\" decoding=\"async\" width=\"300\" height=\"300\" src=\"https:\/\/www.demewa.com\/wp-content\/uploads\/2022\/07\/tischset_galerie_6-300x300.jpg\" class=\"attachment-woocommerce_thumbnail size-woocommerce_thumbnail\" alt=\"St\u00f3\u0142 zastawiony produktami DeMewa, dzi\u0119ki produktom zmywalnym mo\u017cna beztrosko zje\u015b\u0107 \u015bniadanie.\" srcset=\"https:\/\/www.demewa.com\/wp-content\/uploads\/2022\/07\/tischset_galerie_6-300x300.jpg 300w, https:\/\/www.demewa.com\/wp-content\/uploads\/2022\/07\/tischset_galerie_6-150x150.jpg 150w, https:\/\/www.demewa.com\/wp-content\/uploads\/2022\/07\/tischset_galerie_6-768x768.jpg 768w, https:\/\/www.demewa.com\/wp-content\/uploads\/2022\/07\/tischset_galerie_6-600x600.jpg 600w, https:\/\/www.demewa.com\/wp-content\/uploads\/2022\/07\/tischset_galerie_6-100x100.jpg 100w, https:\/\/www.demewa.com\/wp-content\/uploads\/2022\/07\/tischset_galerie_6.jpg 1000w\" sizes=\"(max-width: 300px) 100vw, 300px\" \/><\/a>                                                <\/div>\n\n                                            \n                                        <\/div>\n\n                                        \n                                        \n                                    <\/div>\n\n                                    <div class=\"ht-product-content\">\n                                        <div class=\"ht-product-content-inner\">\n                                            <div class=\"ht-product-categories\"><a href=\"https:\/\/www.demewa.com\/pl\/product-categorie\/akcesoria\/\">Akcesoria<\/a><\/div>\n                                                                                        <h4 class='ht-product-title'><a href='https:\/\/www.demewa.com\/pl\/shop\/bieznik-skora-korkowa\/'>Bie\u017cnik na st\u00f3\u0142 z korkowej sk\u00f3ry<\/a><\/h4>                                                                                                                                    <div class=\"ht-product-price\">\n\t<span class=\"price\"><span class=\"woocommerce-Price-amount amount\"><bdi>167,00&nbsp;<span class=\"woocommerce-Price-currencySymbol\">&#122;&#322;<\/span><\/bdi><\/span> &ndash; <span class=\"woocommerce-Price-amount amount\"><bdi>460,00&nbsp;<span class=\"woocommerce-Price-currencySymbol\">&#122;&#322;<\/span><\/bdi><\/span><\/span>\n<\/div>\n                                                                                        <div class=\"ht-product-ratting-wrap\"><\/div>\n\n                                                                                    <\/div>\n                                                                            <\/div>\n\n                                <\/div>\n                            <\/div>\n                            <!--Product End-->\n\n                                            <\/div>\n                            \n            \n        \t\t\t\t<\/div>\n\t\t\t\t<\/div>\n\t\t\t\t\t<\/div>\n\t\t<\/div>\n\t\t\t\t\t<\/div>\n\t\t<\/section>\n\t\t\t\t<\/div>\n\t\t","protected":false},"excerpt":{"rendered":"<p>Akcesoria Accessoires Schreibtischunterlage aus Korkleder 54,00&nbsp;&euro; Accessoires Tischset aus Korkleder 24,00&nbsp;&euro; Accessoires Mauspad aus Korkleder 18,00&nbsp;&euro; Accessoires Korkleder Proben-Set 10,00&nbsp;&euro; Accessoires Materialprobe in gew\u00fcnschter Farbe 2,00&nbsp;&euro; Accessoires Tischl\u00e4ufer aus Korkleder 36,00&nbsp;&euro; &ndash; 99,00&nbsp;&euro;<\/p>\n","protected":false},"author":1,"featured_media":0,"parent":0,"menu_order":0,"comment_status":"closed","ping_status":"closed","template":"","meta":{"footnotes":""},"class_list":["post-3823","page","type-page","status-publish","hentry"],"_links":{"self":[{"href":"https:\/\/www.demewa.com\/pl\/wp-json\/wp\/v2\/pages\/3823","targetHints":{"allow":["GET"]}}],"collection":[{"href":"https:\/\/www.demewa.com\/pl\/wp-json\/wp\/v2\/pages"}],"about":[{"href":"https:\/\/www.demewa.com\/pl\/wp-json\/wp\/v2\/types\/page"}],"author":[{"embeddable":true,"href":"https:\/\/www.demewa.com\/pl\/wp-json\/wp\/v2\/users\/1"}],"replies":[{"embeddable":true,"href":"https:\/\/www.demewa.com\/pl\/wp-json\/wp\/v2\/comments?post=3823"}],"version-history":[{"count":0,"href":"https:\/\/www.demewa.com\/pl\/wp-json\/wp\/v2\/pages\/3823\/revisions"}],"wp:attachment":[{"href":"https:\/\/www.demewa.com\/pl\/wp-json\/wp\/v2\/media?parent=3823"}],"curies":[{"name":"wp","href":"https:\/\/api.w.org\/{rel}","templated":true}]}}